{"id":988,"date":"2019-11-11T14:54:10","date_gmt":"2019-11-11T14:54:10","guid":{"rendered":"https:\/\/conseil-accueil-camping-car.fr\/?page_id=988"},"modified":"2023-11-20T13:39:10","modified_gmt":"2023-11-20T13:39:10","slug":"connaissance-des-besoins-et-attentes-des-camping-caristes","status":"publish","type":"page","link":"https:\/\/conseil-accueil-camping-car.fr\/index.php\/notre-offre\/connaissance-des-besoins-et-attentes-des-camping-caristes\/","title":{"rendered":"Acqu\u00e9rir une connaissance concr\u00e8te des besoins et attente des camping-caristes sur votre territoire"},"content":{"rendered":"\n<div class=\"wp-block-advgb-infobox advgb-infobox-wrapper has-text-align-center advgb-infobox-b04c417b-8935-4862-8fd8-0be1b1d321bf\"><div class=\"advgb-infobox-wrap\"><div class=\"advgb-infobox-icon-container\"><div class=\"advgb-infobox-icon-inner-container\"><i class=\"material-icons\">filter_2<\/i><\/div><\/div><div class=\"advgb-infobox-textcontent\"><h2 class=\"advgb-infobox-title\">Avec la r\u00e9alisation d&rsquo;une enqu\u00eate<\/h2><p class=\"advgb-infobox-text\"><\/p><\/div><\/div><\/div>\n\n\n\n<div class=\"wp-block-atomic-blocks-ab-columns ab-layout-service-4 ab-layout-columns-2 ab-2-col-equal ab-columns-center alignfull\" style=\"padding-top:15%;padding-right:5%;padding-bottom:15%;padding-left:5%\"><div class=\"ab-layout-column-wrap ab-block-layout-column-gap-6 ab-is-responsive-column\" style=\"max-width:1200px\">\n<div class=\"wp-block-atomic-blocks-ab-column ab-block-layout-column\"><div class=\"ab-block-layout-column-inner\">\n<h3>Objectifs<\/h3>\n\n\n\n<p>Quel est leur comportement sur votre territoire ?<\/p>\n\n\n\n<p>Quel ressenti ont-ils ?<br>Points forts \/ Points faibles<\/p>\n\n\n\n<p>Quels sont leurs besoins et leurs attentes ?<\/p>\n\n\n\n<p>Quelle est la fr\u00e9quentation r\u00e9elle sur le territoire ?<\/p>\n\n\n\n<div style=\"color:#ddd\" class=\"wp-block-atomic-blocks-ab-spacer ab-block-spacer ab-divider-solid ab-spacer-divider ab-divider-size-1\"><hr style=\"height:30px\"\/><\/div>\n\n\n\n<h3>Comment ?<\/h3>\n\n\n\n<p>R\u00e9alisation d&rsquo;une enqu\u00eate de fr\u00e9quentation sur place<\/p>\n\n\n\n<p>&gt; Questionnaires qualitatifs de 50 min r\u00e9alis\u00e9s par des b\u00e9n\u00e9voles de la FFCC<\/p>\n\n\n\n<p><strong>1 000 \u20ac* HT<\/strong><\/p>\n\n\n\n<p>&gt; Questionnaires quantitatifs administr\u00e9s par les repr\u00e9sentants touristiques et les commer\u00e7ants<\/p>\n\n\n\n<p><strong>800 \u20ac* HT<\/strong><\/p>\n\n\n\n<div style=\"color:#ddd\" class=\"wp-block-atomic-blocks-ab-spacer ab-block-spacer ab-divider-solid ab-spacer-divider ab-divider-size-1\"><hr style=\"height:30px\"\/><\/div>\n\n\n\n<h3>R\u00e9sultats<\/h3>\n\n\n\n<p>Analyse des r\u00e9ponses aux&nbsp; questionnaires en direct par la FFCC<\/p>\n\n\n\n<p>Apr\u00e8s \u00e9tude approfondie des r\u00e9ponses (qualitatifs et quantitatifs), restitution d\u2019un rapport d\u2019analyse de fr\u00e9quentation.<\/p>\n\n\n\n<p><strong>1 700 \u20ac* HT<\/strong><\/p>\n\n\n\n<p><\/p>\n\n\n\n<p><br><\/p>\n<\/div><\/div>\n\n\n\n<div class=\"wp-block-atomic-blocks-ab-column ab-block-layout-column\"><div class=\"ab-block-layout-column-inner\">\n<figure class=\"wp-block-image size-large\"><a href=\"https:\/\/conseil-accueil-camping-car.fr\/index.php\/contactez-nous\/\"><img loading=\"lazy\" width=\"457\" height=\"686\" src=\"https:\/\/conseil-accueil-camping-car.fr\/wp-content\/uploads\/2019\/11\/module-2-tarif.jpg\" alt=\"\" class=\"wp-image-1253\" srcset=\"https:\/\/conseil-accueil-camping-car.fr\/wp-content\/uploads\/2019\/11\/module-2-tarif.jpg 457w, https:\/\/conseil-accueil-camping-car.fr\/wp-content\/uploads\/2019\/11\/module-2-tarif-200x300.jpg 200w\" sizes=\"(max-width: 457px) 100vw, 457px\" \/><\/a><\/figure>\n<\/div><\/div>\n<\/div><\/div>\n\n\n\n<p class=\"has-text-align-center has-white-color has-text-color has-background has-medium-font-size\" style=\"background-color:#f7a100\">* Le budget indiqu\u00e9 ne comprend pas les forfaits \u00ab&nbsp;d\u00e9placement&nbsp;\u00bb et \u00ab&nbsp;administratif&nbsp;\u00bb.<\/p>\n\n\n\n<div style=\"text-align:center\" class=\"wp-block-atomic-blocks-ab-cta ab-block-cta\"><div class=\"ab-cta-content\"><h2 class=\"ab-cta-title ab-font-size-32\" style=\"color:#32373c\">Pour recevoir une offre personnalis\u00e9e<\/h2><div class=\"ab-cta-text ab-font-size-32\" style=\"color:#32373c\"><\/div><\/div><div class=\"ab-cta-button\"><a href=\"https:\/\/conseil-accueil-camping-car.fr\/index.php\/contact\/\" target=\"_self\" rel=\"noopener noreferrer\" class=\"ab-button ab-button-shape-rounded ab-button-size-medium\" style=\"color:#ffffff;background-color:#0b787d\">Contactez-nous<\/a><\/div><\/div>\n\n\n\n<div class=\"wp-block-image\"><figure class=\"aligncenter\"><img loading=\"lazy\" width=\"360\" height=\"270\" src=\"https:\/\/conseil-accueil-camping-car.fr\/wp-content\/uploads\/2019\/11\/module-trombone-360x270-360x270.jpg\" alt=\"\" class=\"wp-image-963\" srcset=\"https:\/\/conseil-accueil-camping-car.fr\/wp-content\/uploads\/2019\/11\/module-trombone-360x270.jpg 360w, https:\/\/conseil-accueil-camping-car.fr\/wp-content\/uploads\/2019\/11\/module-trombone-360x270-300x225.jpg 300w\" sizes=\"(max-width: 360px) 100vw, 360px\" \/><\/figure><\/div>\n\n\n\n<p><\/p>\n<style class=\"advgb-styles-renderer\">#advgb-infobox-b04c417b-8935-4862-8fd8-0be1b1d321bf, .advgb-infobox-b04c417b-8935-4862-8fd8-0be1b1d321bf {background-color: #f5f5f5;padding: 20px 20px 20px 20px;border: 0px solid #e8e8e8 ;border-radius: 0px;}#advgb-infobox-b04c417b-8935-4862-8fd8-0be1b1d321bf .advgb-infobox-icon-container, .advgb-infobox-b04c417b-8935-4862-8fd8-0be1b1d321bf .advgb-infobox-icon-container {background-color: #f5f5f5;padding: 0;margin: 0;border: 0px solid #e8e8e8 ;border-radius: 0px;}#advgb-infobox-b04c417b-8935-4862-8fd8-0be1b1d321bf .advgb-infobox-icon-container i, .advgb-infobox-b04c417b-8935-4862-8fd8-0be1b1d321bf .advgb-infobox-icon-container i {color: #006a66;font-size: 70px;display: block;}#advgb-infobox-b04c417b-8935-4862-8fd8-0be1b1d321bf .advgb-infobox-textcontent .advgb-infobox-title, .advgb-infobox-b04c417b-8935-4862-8fd8-0be1b1d321bf .advgb-infobox-textcontent .advgb-infobox-title {color: #006a66;padding: 0;margin: 5px 0 10px 0;font-size: 31px;white-space: pre-wrap;}#advgb-infobox-b04c417b-8935-4862-8fd8-0be1b1d321bf .advgb-infobox-textcontent .advgb-infobox-text, .advgb-infobox-b04c417b-8935-4862-8fd8-0be1b1d321bf .advgb-infobox-textcontent .advgb-infobox-text {color: #333;padding: 0;margin: 0;white-space: pre-wrap;}<\/style>","protected":false},"excerpt":{"rendered":"<p>* Le budget indiqu\u00e9 ne comprend pas les forfaits \u00ab&nbsp;d\u00e9placement&nbsp;\u00bb et \u00ab&nbsp;administratif&nbsp;\u00bb.<\/p>\n","protected":false},"author":1,"featured_media":0,"parent":871,"menu_order":0,"comment_status":"closed","ping_status":"closed","template":"","meta":{"advgb_blocks_editor_width":"","advgb_blocks_columns_visual_guide":""},"coauthors":[],"author_meta":{"author_link":"https:\/\/conseil-accueil-camping-car.fr\/index.php\/author\/carine\/","display_name":"admin"},"relative_dates":{"created":"Publi\u00e9 6 ans il y a","modified":"Mis \u00e0 jour 2 ans il y a"},"absolute_dates":{"created":"Publi\u00e9 le novembre 11, 2019","modified":"Mise \u00e0 jour le novembre 20, 2023"},"absolute_dates_time":{"created":"Publi\u00e9 le novembre 11, 2019 2:54  ","modified":"Mise \u00e0 jour le novembre 20, 2023 1:39  "},"featured_img_caption":"","featured_img":false,"featured_image_src":null,"featured_image_src_square":null,"uagb_featured_image_src":{"full":false,"thumbnail":false,"medium":false,"medium_large":false,"large":false,"1536x1536":false,"2048x2048":false,"ab-block-post-grid-landscape":false,"ab-block-post-grid-square":false,"qb-block-post-grid-landscape":false,"qb-block-post-grid-square":false,"legaleagle-post-standard":false,"legaleagle-post-grid":false,"legaleagle-post-list":false,"legaleagle-post-widget":false,"legaleagle-team-single":false,"legaleagle-team":false,"legaleagle-team2":false,"legaleagle-service":false},"uagb_author_info":{"display_name":"admin","author_link":"https:\/\/conseil-accueil-camping-car.fr\/index.php\/author\/carine\/"},"uagb_comment_info":0,"uagb_excerpt":"* Le budget indiqu\u00e9 ne comprend pas les forfaits \u00ab&nbsp;d\u00e9placement&nbsp;\u00bb et \u00ab&nbsp;administratif&nbsp;\u00bb.","yoast_head":"<!-- This site is optimized with the Yoast SEO plugin v15.2.1 - https:\/\/yoast.com\/wordpress\/plugins\/seo\/ -->\n<title>Acqu\u00e9rir une connaissance concr\u00e8te des besoins et attente des camping-caristes sur votre territoire - CACC<\/title>\n<meta name=\"description\" content=\"Le diagnostic technique et op\u00e9rationnel vous permet d&#039;avoir une vision pr\u00e9cise sur les forces et faiblesses de votre territoire\" \/>\n<meta name=\"robots\" content=\"index, follow, max-snippet:-1, max-image-preview:large, max-video-preview:-1\" \/>\n<link rel=\"canonical\" href=\"https:\/\/conseil-accueil-camping-car.fr\/index.php\/notre-offre\/connaissance-des-besoins-et-attentes-des-camping-caristes\/\" \/>\n<meta property=\"og:locale\" content=\"fr_FR\" \/>\n<meta property=\"og:type\" content=\"article\" \/>\n<meta property=\"og:title\" content=\"Acqu\u00e9rir une connaissance concr\u00e8te des besoins et attente des camping-caristes sur votre territoire - CACC\" \/>\n<meta property=\"og:description\" content=\"Le diagnostic technique et op\u00e9rationnel vous permet d&#039;avoir une vision pr\u00e9cise sur les forces et faiblesses de votre territoire\" \/>\n<meta property=\"og:url\" content=\"https:\/\/conseil-accueil-camping-car.fr\/index.php\/notre-offre\/connaissance-des-besoins-et-attentes-des-camping-caristes\/\" \/>\n<meta property=\"og:site_name\" content=\"CACC\" \/>\n<meta property=\"article:modified_time\" content=\"2023-11-20T13:39:10+00:00\" \/>\n<meta property=\"og:image\" content=\"https:\/\/conseil-accueil-camping-car.fr\/wp-content\/uploads\/2019\/11\/module-2-tarif.jpg\" \/>\n<meta name=\"twitter:card\" content=\"summary_large_image\" \/>\n<meta name=\"twitter:label1\" content=\"\u00c9crit par\">\n\t<meta name=\"twitter:data1\" content=\"admin\">\n\t<meta name=\"twitter:label2\" content=\"Dur\u00e9e de lecture est.\">\n\t<meta name=\"twitter:data2\" content=\"1 minute\">\n<script type=\"application\/ld+json\" class=\"yoast-schema-graph\">{\"@context\":\"https:\/\/schema.org\",\"@graph\":[{\"@type\":\"WebSite\",\"@id\":\"https:\/\/conseil-accueil-camping-car.fr\/#website\",\"url\":\"https:\/\/conseil-accueil-camping-car.fr\/\",\"name\":\"CACC\",\"description\":\"Des experts \\u00e0 votre service\",\"potentialAction\":[{\"@type\":\"SearchAction\",\"target\":\"https:\/\/conseil-accueil-camping-car.fr\/?s={search_term_string}\",\"query-input\":\"required name=search_term_string\"}],\"inLanguage\":\"fr-FR\"},{\"@type\":\"ImageObject\",\"@id\":\"https:\/\/conseil-accueil-camping-car.fr\/index.php\/notre-offre\/connaissance-des-besoins-et-attentes-des-camping-caristes\/#primaryimage\",\"inLanguage\":\"fr-FR\",\"url\":\"https:\/\/conseil-accueil-camping-car.fr\/wp-content\/uploads\/2019\/11\/module-2-tarif.jpg\",\"width\":457,\"height\":686},{\"@type\":\"WebPage\",\"@id\":\"https:\/\/conseil-accueil-camping-car.fr\/index.php\/notre-offre\/connaissance-des-besoins-et-attentes-des-camping-caristes\/#webpage\",\"url\":\"https:\/\/conseil-accueil-camping-car.fr\/index.php\/notre-offre\/connaissance-des-besoins-et-attentes-des-camping-caristes\/\",\"name\":\"Acqu\\u00e9rir une connaissance concr\\u00e8te des besoins et attente des camping-caristes sur votre territoire - CACC\",\"isPartOf\":{\"@id\":\"https:\/\/conseil-accueil-camping-car.fr\/#website\"},\"primaryImageOfPage\":{\"@id\":\"https:\/\/conseil-accueil-camping-car.fr\/index.php\/notre-offre\/connaissance-des-besoins-et-attentes-des-camping-caristes\/#primaryimage\"},\"datePublished\":\"2019-11-11T14:54:10+00:00\",\"dateModified\":\"2023-11-20T13:39:10+00:00\",\"description\":\"Le diagnostic technique et op\\u00e9rationnel vous permet d'avoir une vision pr\\u00e9cise sur les forces et faiblesses de votre territoire\",\"breadcrumb\":{\"@id\":\"https:\/\/conseil-accueil-camping-car.fr\/index.php\/notre-offre\/connaissance-des-besoins-et-attentes-des-camping-caristes\/#breadcrumb\"},\"inLanguage\":\"fr-FR\",\"potentialAction\":[{\"@type\":\"ReadAction\",\"target\":[\"https:\/\/conseil-accueil-camping-car.fr\/index.php\/notre-offre\/connaissance-des-besoins-et-attentes-des-camping-caristes\/\"]}]},{\"@type\":\"BreadcrumbList\",\"@id\":\"https:\/\/conseil-accueil-camping-car.fr\/index.php\/notre-offre\/connaissance-des-besoins-et-attentes-des-camping-caristes\/#breadcrumb\",\"itemListElement\":[{\"@type\":\"ListItem\",\"position\":1,\"item\":{\"@type\":\"WebPage\",\"@id\":\"https:\/\/conseil-accueil-camping-car.fr\/\",\"url\":\"https:\/\/conseil-accueil-camping-car.fr\/\",\"name\":\"Accueil\"}},{\"@type\":\"ListItem\",\"position\":2,\"item\":{\"@type\":\"WebPage\",\"@id\":\"https:\/\/conseil-accueil-camping-car.fr\/index.php\/notre-offre\/\",\"url\":\"https:\/\/conseil-accueil-camping-car.fr\/index.php\/notre-offre\/\",\"name\":\"Notre offre : une solution modulable et sur-mesure\"}},{\"@type\":\"ListItem\",\"position\":3,\"item\":{\"@type\":\"WebPage\",\"@id\":\"https:\/\/conseil-accueil-camping-car.fr\/index.php\/notre-offre\/connaissance-des-besoins-et-attentes-des-camping-caristes\/\",\"url\":\"https:\/\/conseil-accueil-camping-car.fr\/index.php\/notre-offre\/connaissance-des-besoins-et-attentes-des-camping-caristes\/\",\"name\":\"Acqu\\u00e9rir une connaissance concr\\u00e8te des besoins et attente des camping-caristes sur votre territoire\"}}]}]}<\/script>\n<!-- \/ Yoast SEO plugin. -->","_links":{"self":[{"href":"https:\/\/conseil-accueil-camping-car.fr\/index.php\/wp-json\/wp\/v2\/pages\/988"}],"collection":[{"href":"https:\/\/conseil-accueil-camping-car.fr\/index.php\/wp-json\/wp\/v2\/pages"}],"about":[{"href":"https:\/\/conseil-accueil-camping-car.fr\/index.php\/wp-json\/wp\/v2\/types\/page"}],"author":[{"embeddable":true,"href":"https:\/\/conseil-accueil-camping-car.fr\/index.php\/wp-json\/wp\/v2\/users\/1"}],"replies":[{"embeddable":true,"href":"https:\/\/conseil-accueil-camping-car.fr\/index.php\/wp-json\/wp\/v2\/comments?post=988"}],"version-history":[{"count":41,"href":"https:\/\/conseil-accueil-camping-car.fr\/index.php\/wp-json\/wp\/v2\/pages\/988\/revisions"}],"predecessor-version":[{"id":1456,"href":"https:\/\/conseil-accueil-camping-car.fr\/index.php\/wp-json\/wp\/v2\/pages\/988\/revisions\/1456"}],"up":[{"embeddable":true,"href":"https:\/\/conseil-accueil-camping-car.fr\/index.php\/wp-json\/wp\/v2\/pages\/871"}],"wp:attachment":[{"href":"https:\/\/conseil-accueil-camping-car.fr\/index.php\/wp-json\/wp\/v2\/media?parent=988"}],"curies":[{"name":"wp","href":"https:\/\/api.w.org\/{rel}","templated":true}]}}