{"id":446,"date":"2019-10-30T10:42:30","date_gmt":"2019-10-30T10:42:30","guid":{"rendered":"https:\/\/conseil-accueil-camping-car.fr\/?page_id=446"},"modified":"2020-10-20T12:20:23","modified_gmt":"2020-10-20T12:20:23","slug":"qui-sommes-nous","status":"publish","type":"page","link":"https:\/\/conseil-accueil-camping-car.fr\/index.php\/qui-sommes-nous\/","title":{"rendered":"Qui sommes-nous ?"},"content":{"rendered":"\n<div class=\"wp-block-qodeblock-qb-columns qb-layout-columns-2 qb-2-col-wideright\"><div class=\"qb-layout-column-wrap qb-block-layout-column-gap-2 qb-is-responsive-column\">\n<div class=\"wp-block-qodeblock-qb-column qb-block-layout-column qb-is-vertically-aligned-top\"><div class=\"qb-block-layout-column-inner\">\n<div class=\"wp-block-image\"><figure class=\"aligncenter is-resized\"><img loading=\"lazy\" src=\"https:\/\/conseil-accueil-camping-car.fr\/wp-content\/uploads\/2019\/10\/logo-ffcc-517px-jpg.jpg\" alt=\"\" class=\"wp-image-470\" width=\"209\" height=\"126\" srcset=\"https:\/\/conseil-accueil-camping-car.fr\/wp-content\/uploads\/2019\/10\/logo-ffcc-517px-jpg.jpg 517w, https:\/\/conseil-accueil-camping-car.fr\/wp-content\/uploads\/2019\/10\/logo-ffcc-517px-jpg-300x181.jpg 300w\" sizes=\"(max-width: 209px) 100vw, 209px\" \/><\/figure><\/div>\n<\/div><\/div>\n\n\n\n<div class=\"wp-block-qodeblock-qb-column qb-block-layout-column\"><div class=\"qb-block-layout-column-inner\">\n<h2>La FFCC<\/h2>\n\n\n\n<p style=\"font-size:14px\">La FFCC est la F\u00e9d\u00e9ration des campeurs, caravaniers et camping-caristes. Elle est leur repr\u00e9sentant depuis 1938. Elle participe \u00e0 l\u2019\u00e9volution du tourisme de plein air en France et \u00e0 son essor. Reconnue d\u2019utilit\u00e9 publique depuis 1973, la FFCC est une association connue et reconnue pour son expertise.<\/p>\n\n\n\n<p style=\"font-size:14px\">Elle participe \u00e0 toutes les r\u00e9unions o\u00f9 se dessine le futur de ce type de vacances en France. Un des buts de la FFCC est de faciliter les d\u00e9placements et stationnements des camping-caristes en France et de vous permettre de dynamiser l\u2019attractivit\u00e9 touristique de votre territoire. C\u2019est un cercle vertueux. <\/p>\n<\/div><\/div>\n<\/div><\/div>\n\n\n\n<h4 class=\"has-text-color\" style=\"color:#0b787d\">Le projet CACC<\/h4>\n\n\n\n<div class=\"wp-block-atomic-blocks-ab-columns ab-layout-service-4 ab-layout-columns-2 ab-2-col-wideleft ab-columns-center aligncenter\" style=\"padding-top:15%;padding-right:5%;padding-bottom:15%;padding-left:5%\"><div class=\"ab-layout-column-wrap ab-block-layout-column-gap-6 ab-is-responsive-column\" style=\"max-width:1200px\">\n<div class=\"wp-block-atomic-blocks-ab-column ab-block-layout-column\"><div class=\"ab-block-layout-column-inner\">\n<p style=\"font-size:14px\">Son projet d\u2019aire d\u2019\u00e9tape dont le cahier des charges a \u00e9t\u00e9 \u00e9labor\u00e9 avec l\u2019appui d\u2019une agence sp\u00e9cialis\u00e9e a \u00e9t\u00e9 discut\u00e9 en Assembl\u00e9e Nationale en 2014.  <\/p>\n\n\n\n<p style=\"font-size:14px\">La FFCC d\u00e9fend le droit au stationnement libre et son concept d&rsquo;aire d&rsquo;\u00e9tape depuis plus de 10 ans.<\/p>\n\n\n\n<p style=\"font-size:14px\"> La FFCC fait face \u00e0 des lobbyistes qui refusent que soit men\u00e9e \u00e0 bien cette r\u00e9glementation afin de surfer sur le vide r\u00e9glementaire actuel pour sur-vendre leurs solutions qui ne reposent sur aucune norme.  <\/p>\n<\/div><\/div>\n\n\n\n<div class=\"wp-block-atomic-blocks-ab-column ab-block-layout-column\"><div class=\"ab-block-layout-column-inner\">\n<div class=\"wp-block-image\"><figure class=\"aligncenter\"><img loading=\"lazy\" width=\"360\" height=\"270\" src=\"https:\/\/conseil-accueil-camping-car.fr\/wp-content\/uploads\/2019\/10\/qui-sommes-nous-2-360px-360x270.jpg\" alt=\"\" class=\"wp-image-459\" srcset=\"https:\/\/conseil-accueil-camping-car.fr\/wp-content\/uploads\/2019\/10\/qui-sommes-nous-2-360px.jpg 360w, https:\/\/conseil-accueil-camping-car.fr\/wp-content\/uploads\/2019\/10\/qui-sommes-nous-2-360px-300x225.jpg 300w\" sizes=\"(max-width: 360px) 100vw, 360px\" \/><\/figure><\/div>\n<\/div><\/div>\n<\/div><\/div>\n\n\n\n<div class=\"wp-block-atomic-blocks-ab-columns ab-layout-service-4 ab-layout-columns-2 ab-2-col-wideright ab-columns-center aligncenter\" style=\"padding-top:15%;padding-right:5%;padding-bottom:15%;padding-left:5%\"><div class=\"ab-layout-column-wrap ab-block-layout-column-gap-6 ab-is-responsive-column\" style=\"max-width:1200px\">\n<div class=\"wp-block-atomic-blocks-ab-column ab-block-layout-column\"><div class=\"ab-block-layout-column-inner\">\n<figure class=\"wp-block-image\"><img loading=\"lazy\" width=\"360\" height=\"270\" src=\"https:\/\/conseil-accueil-camping-car.fr\/wp-content\/uploads\/2019\/10\/qui-sommes-nous-1-360px-360x270.jpg\" alt=\"\" class=\"wp-image-458\" srcset=\"https:\/\/conseil-accueil-camping-car.fr\/wp-content\/uploads\/2019\/10\/qui-sommes-nous-1-360px.jpg 360w, https:\/\/conseil-accueil-camping-car.fr\/wp-content\/uploads\/2019\/10\/qui-sommes-nous-1-360px-300x225.jpg 300w\" sizes=\"(max-width: 360px) 100vw, 360px\" \/><\/figure>\n<\/div><\/div>\n\n\n\n<div class=\"wp-block-atomic-blocks-ab-column ab-block-layout-column\"><div class=\"ab-block-layout-column-inner\">\n<p style=\"font-size:14px\">D\u00e8s 1980, la FFCC est l\u2019interlocuteur privil\u00e9gi\u00e9 des communes et des particuliers en manque de donn\u00e9es pour \u00e9tablir la faisabilit\u00e9 de leur projet d\u2019accueil des camping-caristes. D&rsquo;abord, elle a constitu\u00e9 un dossier reprenant point par point les droits et devoirs des communes en la mati\u00e8re, ensuite la r\u00e9glementation et pour finir les besoins des camping-caristes. Elle fait intervenir r\u00e9guli\u00e8rement ses \u00e9lus et b\u00e9n\u00e9voles pour venir en aide sur l\u2019ensemble du territoire et valider les projets. <\/p>\n\n\n\n<p style=\"font-size:14px\">Plusieurs accompagnements \u00e0 titre b\u00e9n\u00e9vole ont d\u00e9montr\u00e9 le besoin d\u2019offrir un service professionnel et structur\u00e9 aux communes en manque d\u2019expertise fonctionnelle, r\u00e9glementaire et op\u00e9rationnelle. <\/p>\n\n\n\n<p>Visitez le site de la <a href=\"https:\/\/www.ffcc.fr\"><strong>FFCC<\/strong><\/a><\/p>\n<\/div><\/div>\n<\/div><\/div>\n\n\n\n<div class=\"wp-block-atomic-blocks-ab-container ab-block-container\"><div class=\"ab-container-inside\"><div class=\"ab-container-content\" style=\"max-width:1600px\">\n<blockquote class=\"wp-block-quote\"><p><em>Accueillir les touristes de touristes itin\u00e9rants doit d\u00e9couler d\u2019une vraie volont\u00e9 de dynamiser l\u2019\u00e9conomie locale et culturelle d\u2019un territoire. Les camping-caristes ont des besoins sp\u00e9cifiques qu\u2019il faut combiner avec les r\u00e9glementations en mati\u00e8re d\u2019urbanisme. Ces derni\u00e8res sont nombreuses, seule une expertise pointue permet d\u2019assurer la viabilit\u00e9 d\u2019un projet d\u2019accueil des camping-caristes <\/em><\/p><cite>G\u00e9rard Cout\u00e9 &#8211; Pr\u00e9sident de la FFCC<\/cite><\/blockquote>\n\n\n\n<div class=\"wp-block-media-text alignwide has-media-on-the-right\" style=\"grid-template-columns:auto 48%\"><figure class=\"wp-block-media-text__media\"><img loading=\"lazy\" width=\"1024\" height=\"520\" src=\"https:\/\/conseil-accueil-camping-car.fr\/wp-content\/uploads\/2019\/09\/cacc-1024x520.jpg\" alt=\"\" class=\"wp-image-14\" srcset=\"https:\/\/conseil-accueil-camping-car.fr\/wp-content\/uploads\/2019\/09\/cacc-1024x520.jpg 1024w, https:\/\/conseil-accueil-camping-car.fr\/wp-content\/uploads\/2019\/09\/cacc-300x152.jpg 300w, https:\/\/conseil-accueil-camping-car.fr\/wp-content\/uploads\/2019\/09\/cacc-768x390.jpg 768w, https:\/\/conseil-accueil-camping-car.fr\/wp-content\/uploads\/2019\/09\/cacc-1568x797.jpg 1568w, https:\/\/conseil-accueil-camping-car.fr\/wp-content\/uploads\/2019\/09\/cacc.jpg 1600w\" sizes=\"(max-width: 1024px) 100vw, 1024px\" \/><\/figure><div class=\"wp-block-media-text__content\">\n<p style=\"background-color:#0b787d;font-size:14px\" class=\"has-text-color has-background has-very-light-gray-color\"><strong>Face \u00e0 une demande en forte croissante et de plus en plus technique en termes de diagnostics, la FFCC a cr\u00e9\u00e9 le Conseil Accueil Camping-Car (CACC). Elle s\u2019appuie sur une \u00e9quipe encadr\u00e9e par un expert connu et reconnu (Herv\u00e9 BIGNON) dans le secteur du tourisme de plein air et sur le maillage de ses b\u00e9n\u00e9voles dans l\u2019hexagone.<\/strong><\/p>\n<\/div><\/div>\n<\/div><\/div><\/div>\n\n\n\n<div class=\"wp-block-qodeblock-qb-columns qb-layout-columns-2 qb-2-col-wideright\"><div class=\"qb-layout-column-wrap qb-block-layout-column-gap-2 qb-is-responsive-column\">\n<div class=\"wp-block-qodeblock-qb-column qb-block-layout-column qb-is-vertically-aligned-top\"><div class=\"qb-block-layout-column-inner\">\n<figure class=\"wp-block-image\"><img loading=\"lazy\" width=\"520\" height=\"520\" src=\"https:\/\/conseil-accueil-camping-car.fr\/wp-content\/uploads\/2019\/10\/Herve_BIGNON_520px.jpg\" alt=\"\" class=\"wp-image-568\" srcset=\"https:\/\/conseil-accueil-camping-car.fr\/wp-content\/uploads\/2019\/10\/Herve_BIGNON_520px.jpg 520w, https:\/\/conseil-accueil-camping-car.fr\/wp-content\/uploads\/2019\/10\/Herve_BIGNON_520px-150x150.jpg 150w, https:\/\/conseil-accueil-camping-car.fr\/wp-content\/uploads\/2019\/10\/Herve_BIGNON_520px-300x300.jpg 300w, https:\/\/conseil-accueil-camping-car.fr\/wp-content\/uploads\/2019\/10\/Herve_BIGNON_520px-360x360.jpg 360w\" sizes=\"(max-width: 520px) 100vw, 520px\" \/><\/figure>\n<\/div><\/div>\n\n\n\n<div class=\"wp-block-qodeblock-qb-column qb-block-layout-column\"><div class=\"qb-block-layout-column-inner\">\n<h2>Herv\u00e9 BIGNON<\/h2>\n\n\n\n<h4>Consultant Expert<\/h4>\n\n\n\n<p style=\"font-size:14px\">Dipl\u00f4m\u00e9 de l\u2019ESTHUA (universit\u00e9\ndu tourisme d\u2019Angers) en ing\u00e9nierie touristique, sp\u00e9cialit\u00e9 tourisme de plein\nair, Herv\u00e9 dispose d\u2019une exp\u00e9rience de plus de 15 ans dans ce domaine. Apr\u00e8s la\ndirection d\u2019un puis de plusieurs campings d&rsquo;envergures diff\u00e9rentes, il\nparticipe \u00e0 la cr\u00e9ation et au d\u00e9veloppement d&rsquo;un groupe de campings en tant que\nresponsable d&rsquo;exploitation et directeur des sites. Dans ce contexte, il\ntravaille \u00e0 la cr\u00e9ation, au d\u00e9veloppement op\u00e9rationnel et \u00e0 l\u2019exploitation de\nplusieurs aires de stationnement pour camping-cars dans le cadre de\npartenariats public\/priv\u00e9.<\/p>\n\n\n\n<p style=\"font-size:14px\">Lui-m\u00eame camping-cariste, il\ndispose d\u2019une parfaite connaissance de ce mode de d\u00e9placement en tant\nqu\u2019utilisateur et ma\u00eetrise parfaitement les proc\u00e9dures de rentabilit\u00e9 globale,\nde qualit\u00e9, de commercialisation et \u00e9galement les normes et r\u00e9glementations\nli\u00e9es \u00e0 l\u2019accueil des camping-caristes.<\/p>\n\n\n\n<p style=\"font-size:14px\">Au sein de la FFCC, il intervient avec son \u00e9quipe tant en conseil qu\u2019en \u00e9tude pour mener \u00e0 bien les projets des collectivit\u00e9s afin d\u2019accueillir au mieux les camping-caristes.<\/p>\n<\/div><\/div>\n<\/div><\/div>\n\n\n\n<div class=\"wp-block-atomic-blocks-ab-container ab-block-container\"><div class=\"ab-container-inside\"><div class=\"ab-container-content\" style=\"max-width:1600px\">\n<div style=\"text-align:center\" class=\"wp-block-atomic-blocks-ab-cta ab-block-cta\"><div class=\"ab-cta-content\"><h2 class=\"ab-cta-title ab-font-size-32\" style=\"color:#32373c\">Pour recevoir une offre personnalis\u00e9e<\/h2><div class=\"ab-cta-text ab-font-size-32\" style=\"color:#32373c\"><\/div><\/div><div class=\"ab-cta-button\"><a href=\"https:\/\/conseil-accueil-camping-car.fr\/index.php\/contactez-nous\/\" target=\"_self\" rel=\"noopener noreferrer\" class=\"ab-button ab-button-shape-rounded ab-button-size-medium\" style=\"color:#ffffff;background-color:#0b787d\">Contactez-nous<\/a><\/div><\/div>\n<\/div><\/div><\/div>\n\n\n\n<div class=\"center\">\n<iframe loading=\"lazy\" width=\"640\" height=\"360\" src=\"https:\/\/www.youtube.com\/embed\/4KrqvllWaW0\" frameborder=\"0\" allow=\"accelerometer; autoplay; encrypted-media; gyroscope; picture-in-picture\" allowfullscreen=\"\"><\/iframe>\n<\/div>\n\n\n\n<p><\/p>\n","protected":false},"excerpt":{"rendered":"<p>Le projet CACC<\/p>\n","protected":false},"author":1,"featured_media":0,"parent":0,"menu_order":0,"comment_status":"closed","ping_status":"closed","template":"","meta":{"advgb_blocks_editor_width":"","advgb_blocks_columns_visual_guide":"enable"},"coauthors":[],"author_meta":{"author_link":"https:\/\/conseil-accueil-camping-car.fr\/index.php\/author\/carine\/","display_name":"admin"},"relative_dates":{"created":"Publi\u00e9 7 ans il y a","modified":"Mis \u00e0 jour 6 ans il y a"},"absolute_dates":{"created":"Publi\u00e9 le octobre 30, 2019","modified":"Mise \u00e0 jour le octobre 20, 2020"},"absolute_dates_time":{"created":"Publi\u00e9 le octobre 30, 2019 10:42  ","modified":"Mise \u00e0 jour le octobre 20, 2020 12:20  "},"featured_img_caption":"","featured_img":false,"featured_image_src":null,"featured_image_src_square":null,"uagb_featured_image_src":{"full":false,"thumbnail":false,"medium":false,"medium_large":false,"large":false,"1536x1536":false,"2048x2048":false,"ab-block-post-grid-landscape":false,"ab-block-post-grid-square":false,"qb-block-post-grid-landscape":false,"qb-block-post-grid-square":false,"legaleagle-post-standard":false,"legaleagle-post-grid":false,"legaleagle-post-list":false,"legaleagle-post-widget":false,"legaleagle-team-single":false,"legaleagle-team":false,"legaleagle-team2":false,"legaleagle-service":false},"uagb_author_info":{"display_name":"admin","author_link":"https:\/\/conseil-accueil-camping-car.fr\/index.php\/author\/carine\/"},"uagb_comment_info":0,"uagb_excerpt":"Le projet CACC","yoast_head":"<!-- This site is optimized with the Yoast SEO plugin v15.2.1 - https:\/\/yoast.com\/wordpress\/plugins\/seo\/ -->\n<title>Qui sommes-nous ? - CACC<\/title>\n<meta name=\"description\" content=\"Face \u00e0 une demande en forte croissante et de plus en plus technique en termes de diagnostics, la FFCC a cr\u00e9\u00e9 le Conseil Accueil Camping-Car (CACC).\" \/>\n<meta name=\"robots\" content=\"index, follow, max-snippet:-1, max-image-preview:large, max-video-preview:-1\" \/>\n<link rel=\"canonical\" href=\"https:\/\/conseil-accueil-camping-car.fr\/index.php\/qui-sommes-nous\/\" \/>\n<meta property=\"og:locale\" content=\"fr_FR\" \/>\n<meta property=\"og:type\" content=\"article\" \/>\n<meta property=\"og:title\" content=\"Qui sommes-nous ? - CACC\" \/>\n<meta property=\"og:description\" content=\"Face \u00e0 une demande en forte croissante et de plus en plus technique en termes de diagnostics, la FFCC a cr\u00e9\u00e9 le Conseil Accueil Camping-Car (CACC).\" \/>\n<meta property=\"og:url\" content=\"https:\/\/conseil-accueil-camping-car.fr\/index.php\/qui-sommes-nous\/\" \/>\n<meta property=\"og:site_name\" content=\"CACC\" \/>\n<meta property=\"article:modified_time\" content=\"2020-10-20T12:20:23+00:00\" \/>\n<meta property=\"og:image\" content=\"https:\/\/conseil-accueil-camping-car.fr\/wp-content\/uploads\/2019\/10\/logo-ffcc-517px-jpg.jpg\" \/>\n<meta name=\"twitter:card\" content=\"summary_large_image\" \/>\n<meta name=\"twitter:label1\" content=\"\u00c9crit par\">\n\t<meta name=\"twitter:data1\" content=\"admin\">\n\t<meta name=\"twitter:label2\" content=\"Dur\u00e9e de lecture est.\">\n\t<meta name=\"twitter:data2\" content=\"3 minutes\">\n<script type=\"application\/ld+json\" class=\"yoast-schema-graph\">{\"@context\":\"https:\/\/schema.org\",\"@graph\":[{\"@type\":\"WebSite\",\"@id\":\"https:\/\/conseil-accueil-camping-car.fr\/#website\",\"url\":\"https:\/\/conseil-accueil-camping-car.fr\/\",\"name\":\"CACC\",\"description\":\"Des experts \\u00e0 votre service\",\"potentialAction\":[{\"@type\":\"SearchAction\",\"target\":\"https:\/\/conseil-accueil-camping-car.fr\/?s={search_term_string}\",\"query-input\":\"required name=search_term_string\"}],\"inLanguage\":\"fr-FR\"},{\"@type\":\"ImageObject\",\"@id\":\"https:\/\/conseil-accueil-camping-car.fr\/index.php\/qui-sommes-nous\/#primaryimage\",\"inLanguage\":\"fr-FR\",\"url\":\"https:\/\/conseil-accueil-camping-car.fr\/wp-content\/uploads\/2019\/10\/logo-ffcc-517px-jpg.jpg\",\"width\":517,\"height\":312},{\"@type\":\"WebPage\",\"@id\":\"https:\/\/conseil-accueil-camping-car.fr\/index.php\/qui-sommes-nous\/#webpage\",\"url\":\"https:\/\/conseil-accueil-camping-car.fr\/index.php\/qui-sommes-nous\/\",\"name\":\"Qui sommes-nous ? - CACC\",\"isPartOf\":{\"@id\":\"https:\/\/conseil-accueil-camping-car.fr\/#website\"},\"primaryImageOfPage\":{\"@id\":\"https:\/\/conseil-accueil-camping-car.fr\/index.php\/qui-sommes-nous\/#primaryimage\"},\"datePublished\":\"2019-10-30T10:42:30+00:00\",\"dateModified\":\"2020-10-20T12:20:23+00:00\",\"description\":\"Face \\u00e0 une demande en forte croissante et de plus en plus technique en termes de diagnostics, la FFCC a cr\\u00e9\\u00e9 le Conseil Accueil Camping-Car (CACC).\",\"breadcrumb\":{\"@id\":\"https:\/\/conseil-accueil-camping-car.fr\/index.php\/qui-sommes-nous\/#breadcrumb\"},\"inLanguage\":\"fr-FR\",\"potentialAction\":[{\"@type\":\"ReadAction\",\"target\":[\"https:\/\/conseil-accueil-camping-car.fr\/index.php\/qui-sommes-nous\/\"]}]},{\"@type\":\"BreadcrumbList\",\"@id\":\"https:\/\/conseil-accueil-camping-car.fr\/index.php\/qui-sommes-nous\/#breadcrumb\",\"itemListElement\":[{\"@type\":\"ListItem\",\"position\":1,\"item\":{\"@type\":\"WebPage\",\"@id\":\"https:\/\/conseil-accueil-camping-car.fr\/\",\"url\":\"https:\/\/conseil-accueil-camping-car.fr\/\",\"name\":\"Accueil\"}},{\"@type\":\"ListItem\",\"position\":2,\"item\":{\"@type\":\"WebPage\",\"@id\":\"https:\/\/conseil-accueil-camping-car.fr\/index.php\/qui-sommes-nous\/\",\"url\":\"https:\/\/conseil-accueil-camping-car.fr\/index.php\/qui-sommes-nous\/\",\"name\":\"Qui sommes-nous ?\"}}]}]}<\/script>\n<!-- \/ Yoast SEO plugin. -->","_links":{"self":[{"href":"https:\/\/conseil-accueil-camping-car.fr\/index.php\/wp-json\/wp\/v2\/pages\/446"}],"collection":[{"href":"https:\/\/conseil-accueil-camping-car.fr\/index.php\/wp-json\/wp\/v2\/pages"}],"about":[{"href":"https:\/\/conseil-accueil-camping-car.fr\/index.php\/wp-json\/wp\/v2\/types\/page"}],"author":[{"embeddable":true,"href":"https:\/\/conseil-accueil-camping-car.fr\/index.php\/wp-json\/wp\/v2\/users\/1"}],"replies":[{"embeddable":true,"href":"https:\/\/conseil-accueil-camping-car.fr\/index.php\/wp-json\/wp\/v2\/comments?post=446"}],"version-history":[{"count":101,"href":"https:\/\/conseil-accueil-camping-car.fr\/index.php\/wp-json\/wp\/v2\/pages\/446\/revisions"}],"predecessor-version":[{"id":1324,"href":"https:\/\/conseil-accueil-camping-car.fr\/index.php\/wp-json\/wp\/v2\/pages\/446\/revisions\/1324"}],"wp:attachment":[{"href":"https:\/\/conseil-accueil-camping-car.fr\/index.php\/wp-json\/wp\/v2\/media?parent=446"}],"curies":[{"name":"wp","href":"https:\/\/api.w.org\/{rel}","templated":true}]}}